{"id":6179,"date":"2025-02-21T13:13:33","date_gmt":"2025-02-21T18:13:33","guid":{"rendered":"https:\/\/ugelmoho.gob.pe\/web\/?page_id=6179"},"modified":"2025-02-21T13:53:23","modified_gmt":"2025-02-21T18:53:23","slug":"inicio","status":"publish","type":"page","link":"https:\/\/www.ugelmoho.gob.pe\/web\/inicio\/","title":{"rendered":"Inicio"},"content":{"rendered":"\n<div class=\"wp-block-columns is-layout-flex wp-container-core-columns-is-layout-8f761849 wp-block-columns-is-layout-flex\">\n<div class=\"wp-block-column is-layout-flow wp-block-column-is-layout-flow\" style=\"flex-basis:100%\">\n<div class=\"wp-block-query is-layout-flow wp-block-query-is-layout-flow\">\n<div class=\"wp-block-group\"><div class=\"wp-block-group__inner-container is-layout-constrained wp-block-group-is-layout-constrained\">\n<div class=\"wp-block-group\"><div class=\"wp-block-group__inner-container is-layout-constrained wp-block-group-is-layout-constrained\"><ul style=\"font-size:16px;font-style:normal;font-weight:400\" class=\"wp-block-latest-posts__list has-dates wp-block-latest-posts is-layout-flow wp-block-latest-posts-is-layout-flow\"><li><a class=\"wp-block-latest-posts__post-title\" href=\"https:\/\/www.ugelmoho.gob.pe\/web\/premio-nacional-de-narrativa-y-ensayo-jose-maria-arguedas\/\">PREMIO NACIONAL DE NARRATIVA Y ENSAYO JOSE MARIA ARGUEDAS<\/a><time datetime=\"2026-08-27T16:03:16-05:00\" class=\"wp-block-latest-posts__post-date\">27 de agosto de 2026<\/time><div class=\"wp-block-latest-posts__post-excerpt\">RESULTADOS DE PREMIO NACIONAL DE NARRATIVA Y ENSAYO JOSE MARIA ARGUEDAS ETAPA UGEL RESULTADOS FINALES DEL CONCURSO NACIONAL DE COMPRENSION LECTORA EL PERU LEE<\/div><\/li>\n<li><a class=\"wp-block-latest-posts__post-title\" href=\"https:\/\/www.ugelmoho.gob.pe\/web\/convocatoria-para-el-proceso-de-inscripcion-a-la-evaluacion-del-dominio-de-la-lengua-indigena-u-originaria-de-docentes-edlo-2026\/\">PROCESO DE EVALUACI\u00d3N DEL DOMINIO DE LA LENGUA IND\u00cdGENA U ORIGINARIA DE DOCENTES (EDLO 2026).<\/a><time datetime=\"2026-08-27T15:48:36-05:00\" class=\"wp-block-latest-posts__post-date\">27 de agosto de 2026<\/time><div class=\"wp-block-latest-posts__post-excerpt\">COMUNICADO EIB Inscripci\u00f3n EDLO 2026OFICIO_MULTIPLE-00025-2026-MINEDU-VMGP-DIGEIBIRA Y PROTOCOLO EDLO 2026 Modificaci\u00f3n de cronograma del proceso de Evaluaci\u00f3n de Dominio de la &#8211; OFICIO_MULTIPLE-00047-2026-MINEDU-VMGP-DIGEIBIRA Comunicado del padr\u00f3n de postulantes\u00a0 PADRON DE INSCRITOS APTO PARA RENDIR EDLO 2026 EVALUACION DE LENGUAS ORIGINARIAS 2026 &#8211; EDLO COMUNICADOS EIB 2026 OFICIO_MULTIPLE-00123-2026-MINEDU-VMGP-DIGEIBIRA &nbsp;<\/div><\/li>\n<li><a class=\"wp-block-latest-posts__post-title\" href=\"https:\/\/www.ugelmoho.gob.pe\/web\/curso-de-capacitacion-planificacion-de-procesos-pedagogicos-con-inteligencia-artificial\/\">CURSO DE CAPACITACION \u201cPLANIFICACI\u00d3N DE PROCESOS PEDAG\u00d3GICOS CON INTELIGENCIA ARTIFICIAL\u201d<\/a><time datetime=\"2026-08-26T15:35:23-05:00\" class=\"wp-block-latest-posts__post-date\">26 de agosto de 2026<\/time><div class=\"wp-block-latest-posts__post-excerpt\">OFICIO N.\u00ba 0376-2026-ETSG &nbsp;<\/div><\/li>\n<li><a class=\"wp-block-latest-posts__post-title\" href=\"https:\/\/www.ugelmoho.gob.pe\/web\/reasignacion-de-auxiliares-de-educacion-de-la-ugel-moho-2026\/\">REASIGNACION DE AUXILIARES DE EDUCACION DE LA UGEL MOHO 2026<\/a><time datetime=\"2026-08-21T08:38:53-05:00\" class=\"wp-block-latest-posts__post-date\">21 de agosto de 2026<\/time><div class=\"wp-block-latest-posts__post-excerpt\">1. RVM_N\u00b0_126-2023-MINEDU 2. OICIO MULTIPLE N\u00b0 00100-2026-MINEDU-VMGP-DIGEDD 3. RDR N 2612-2026-DREP 4. PLAZAS DE REASIGNACION AUXILIAR EDU-AGOSTO-2026<\/div><\/li>\n<li><a class=\"wp-block-latest-posts__post-title\" href=\"https:\/\/www.ugelmoho.gob.pe\/web\/facilidades-para-la-verificacion-de-locales-de-votacion-con-motivo-de-elecciones-regionales-y-municipales-2026\/\">FACILIDADES PARA LA VERIFICACION DE LOCALES DE VOTACION CON MOTIVO DE ELECCIONES REGIONALES Y MUNICIPALES 2026<\/a><time datetime=\"2026-08-20T11:53:09-05:00\" class=\"wp-block-latest-posts__post-date\">20 de agosto de 2026<\/time><div class=\"wp-block-latest-posts__post-excerpt\">OFICIO N\u00b0000012-2026-ODPEHUANCANEERM202-6ONPE<\/div><\/li>\n<li><a class=\"wp-block-latest-posts__post-title\" href=\"https:\/\/www.ugelmoho.gob.pe\/web\/rdr-n-2527-2026-drep-aprueban-el-cronograma-regional-de-las-actividades-del-proceso-de-racionalizacion-2026\/\">RDR N\u00b0 2527-2026-DREP, APRUEBAN EL CRONOGRAMA REGIONAL DE LAS ACTIVIDADES DEL PROCESO DE RACIONALIZACI\u00d3N 2026<\/a><time datetime=\"2026-08-20T09:17:23-05:00\" class=\"wp-block-latest-posts__post-date\">20 de agosto de 2026<\/time><div class=\"wp-block-latest-posts__post-excerpt\">CRONOGRAMA DEL PROCESO DE RACIONALIZACI\u00d3N 2026<\/div><\/li>\n<li><a class=\"wp-block-latest-posts__post-title\" href=\"https:\/\/www.ugelmoho.gob.pe\/web\/autorizacion-y-difusion-capacitacion-curso-planificacion-de-procesos-pedagogicos-con-inteligencia-artificial-ugel-moho-2026\/\">CAPACITACI\u00d3N CURSO PLANIFICACI\u00d3N DE PROCESOS PEDAG\u00d3GICOS CON INTELIGENCIA ARTIFICIAL &#8211; UGEL MOHO 2026<\/a><time datetime=\"2026-08-18T11:12:07-05:00\" class=\"wp-block-latest-posts__post-date\">18 de agosto de 2026<\/time><div class=\"wp-block-latest-posts__post-excerpt\">OFICIO N.\u00ba 0376-2026-ETSG<\/div><\/li>\n<li><a class=\"wp-block-latest-posts__post-title\" href=\"https:\/\/www.ugelmoho.gob.pe\/web\/observaciones-omisos-al-reporte-del-ii-simulagro-nacional-multipeligro\/\">OBSERVACIONES OMISOS AL REPORTE DEL II SIMULAGRO NACIONAL MULTIPELIGRO<\/a><time datetime=\"2026-08-18T09:31:40-05:00\" class=\"wp-block-latest-posts__post-date\">18 de agosto de 2026<\/time><div class=\"wp-block-latest-posts__post-excerpt\">Oficio Multiple N\u00b0117-2026-GRP-GRDS-DREP-UGELM-DIR-PREVAED<\/div><\/li>\n<li><a class=\"wp-block-latest-posts__post-title\" href=\"https:\/\/www.ugelmoho.gob.pe\/web\/convocatoria-a-capacitacion-virtual-curso-basico-en-fundamentos-en-grd-y-acc\/\">CONVOCATORIA A CAPACITACION VIRTUAL \u00abCURSO BASICO EN FUNDAMENTOS EN GRD Y ACC.<\/a><time datetime=\"2026-08-18T09:30:38-05:00\" class=\"wp-block-latest-posts__post-date\">18 de agosto de 2026<\/time><div class=\"wp-block-latest-posts__post-excerpt\">Oficio Multiple N\u00b0116-2026-GRP-GRDS-DREP-UGELM-DIR-PREVAED<\/div><\/li>\n<li><a class=\"wp-block-latest-posts__post-title\" href=\"https:\/\/www.ugelmoho.gob.pe\/web\/proceso-de-racionalizacion-docente-2026\/\">PROCESO DE RACIONALIZACION DOCENTE 2026<\/a><time datetime=\"2026-08-14T11:19:51-05:00\" class=\"wp-block-latest-posts__post-date\">14 de agosto de 2026<\/time><div class=\"wp-block-latest-posts__post-excerpt\">1. RVM_N\u00b0 071-2024-MINEDU 2. RDR. 2527-2026-DREP 3. Oficio m\u00faltiple 107-2025 conformaci\u00f3n de CORA I.E. 4. RVM 75 2025 MINEDU + anexos &nbsp;<\/div><\/li>\n<li><a class=\"wp-block-latest-posts__post-title\" href=\"https:\/\/www.ugelmoho.gob.pe\/web\/proceso-de-reasignacion-docente-2026\/\">PROCESO DE REASIGNACI\u00d3N DOCENTE 2026<\/a><time datetime=\"2026-08-13T21:40:25-05:00\" class=\"wp-block-latest-posts__post-date\">13 de agosto de 2026<\/time><div class=\"wp-block-latest-posts__post-excerpt\">1. RVM 074_reasignacion2026-NT 2. Oficio_007_precisiones 3. RDR N 1734-2026-DREP 4. CUADRO DE PUBLICACION DE POSTULANTES INSCRITOS PRD 2026 5. POSTULANTES ADMITIDOS Y NO ADMITIDOS PROCESO DE REASIGNACI\u00d3N DOCENTE 2026 6. FE DE ERRATAS &#8211; POSTULANTES ADMINITOS Y NO ADMITIDOS PRD 2026 7. POSTULANTES APTOS Y NO APTOS PRD 2026 8 POSTULANTES NO APTOS 9 RESULTADOS\u2026 <a class=\"wp-block-latest-posts__read-more\" href=\"https:\/\/www.ugelmoho.gob.pe\/web\/proceso-de-reasignacion-docente-2026\/\" rel=\"noopener\">Read more<span class=\"screen-reader-text\">: PROCESO DE REASIGNACI\u00d3N DOCENTE 2026<\/span><\/a><\/div><\/li>\n<li><a class=\"wp-block-latest-posts__post-title\" href=\"https:\/\/www.ugelmoho.gob.pe\/web\/contratacion-docente-2026\/\">CONTRATO DOCENTE 2026<\/a><time datetime=\"2026-08-11T14:51:14-05:00\" class=\"wp-block-latest-posts__post-date\">11 de agosto de 2026<\/time><div class=\"wp-block-latest-posts__post-excerpt\">1.. DS N\u00ba 022-2025-MINEDU 2. OM_00003_2026_MINEDUJ-cronograma_contratacion 3. RDR 0005-2026-DREP 4. OFICIO_MULTIPLE-00030-2026-MINEDU-VMGP-DIGEDD[R] PRIMERA ETAPA RELACION DE DOCENTES QUE RENUEVAN Y NO RENUEVAN CONTRATO DOCENTE-2026 5.-RELACION-DE-DOCENTES-QUE-NO-RENUEVAN-CONTRATO-SEGUN-RV.-N\u00b0022-2026-LEY-29944 6.-RELACION-DE-DOCENTES-QUE-RENUEVAN-CONTRATO-DOCENTE-2026-SEGUN-RV.-N\u00b0022-2026-LEY-29944 SEGUNDA ETAPA\u00a0CONTRATACION POR RESULTADOS DE LA PRUEBA NACIONAL (PUN)\u00a0 7. II ETAPA CONTRATACION POR RESULTADOS DE LA PRUEBA NACIONAL (PUN) &#8211; PLAZAS VACANTES INICIAL 8. II ETAPA CONTRATACION POR RESULTADOS\u2026 <a class=\"wp-block-latest-posts__read-more\" href=\"https:\/\/www.ugelmoho.gob.pe\/web\/contratacion-docente-2026\/\" rel=\"noopener\">Read more<span class=\"screen-reader-text\">: CONTRATO DOCENTE 2026<\/span><\/a><\/div><\/li>\n<li><a class=\"wp-block-latest-posts__post-title\" href=\"https:\/\/www.ugelmoho.gob.pe\/web\/invitacion-a-participar-en-la-contratacion-de-servicio-de-especialista-en-recursos-humanos-para-la-oficina-de-administracion-de-personal-ugel-moho\/\">INVITACION A PARTICIPAR EN LA CONTRATACION DE SERVICIO DE ESPECIALISTA EN RECURSOS HUMANOS PARA LA OFICINA DE ADMINISTRACION DE PERSONAL \u2013 UGEL MOHO.<\/a><time datetime=\"2026-07-30T19:22:17-05:00\" class=\"wp-block-latest-posts__post-date\">30 de julio de 2026<\/time><div class=\"wp-block-latest-posts__post-excerpt\">1. TDR-RRHH 2. CARTA DE INVITACION 3. ANEXOS 4. COTIZACION<\/div><\/li>\n<li><a class=\"wp-block-latest-posts__post-title\" href=\"https:\/\/www.ugelmoho.gob.pe\/web\/convocatoria-a-nombramiento-de-personal-del-decreto-legislativo-276-2026\/\">CONVOCATORIA A NOMBRAMIENTO DE PERSONAL DEL DECRETO LEGISLATIVO 276 &#8211; 2026<\/a><time datetime=\"2026-07-23T12:00:53-05:00\" class=\"wp-block-latest-posts__post-date\">23 de julio de 2026<\/time><div class=\"wp-block-latest-posts__post-excerpt\">1. RESOLUCION-000056-2026-servir-pe 2. LINEAMIENTOS DE NOMBRAMIENTO-276 3. CRONOGRAMA NOMBRAMIENTO 276 4. ANEXO 4-SERVIR-2026 5. ANEXO-5-SERVIR-2026 6. ANEXO 6-SERVIR-2026 7. CUADRO PRELIMINAR DE RESULTADOS 8. CUADRO FINAL DE RESULTADOS 276 &#8211; 2026 &nbsp; &nbsp; &nbsp;<\/div><\/li>\n<li><a class=\"wp-block-latest-posts__post-title\" href=\"https:\/\/www.ugelmoho.gob.pe\/web\/convoca-asistencia-tecnica-virtual-de-ejercicios-del-censo-educativo-2026\/\">CONVOCA ASISTENCIA TECNICA VIRTUAL DE \u00abEJECUCION DEL CENSO EDUCATIVO &#8211; 2026\u00bb<\/a><time datetime=\"2026-07-20T08:59:08-05:00\" class=\"wp-block-latest-posts__post-date\">20 de julio de 2026<\/time><div class=\"wp-block-latest-posts__post-excerpt\">OFICIO MULTIPLE N\u00b00104-2026-GRP-DREP-DUGELM<\/div><\/li>\n<li><a class=\"wp-block-latest-posts__post-title\" href=\"https:\/\/www.ugelmoho.gob.pe\/web\/convocatoria-para-la-contratacion-de-servicio-de-mantenimiento-preventivo-y-correctivo-de-las-unidades-vehiculares-de-la-ugel-moho\/\">CONVOCATORIA PARA LA  CONTRATACI\u00d3N DE SERVICIO DE MANTENIMIENTO PREVENTIVO Y CORRECTIVO DE LAS UNIDADES VEHICULARES DE LA UGEL MOHO<\/a><time datetime=\"2026-07-17T22:24:21-05:00\" class=\"wp-block-latest-posts__post-date\">17 de julio de 2026<\/time><div class=\"wp-block-latest-posts__post-excerpt\">1.- CARTA DE INVITACION ANEXOS OK COTIZACION DE MANTENIMIENTO DE VEHICULOS 2.- COTIZACION DE MANTENIMIENTO DE VEHICULOS 3.- TERMINOS DE REFERENCIA 4.- ANEXOS OK<\/div><\/li>\n<li><a class=\"wp-block-latest-posts__post-title\" href=\"https:\/\/www.ugelmoho.gob.pe\/web\/diagnostico-de-la-poblacion-potencialmente-beneficiaria-para-la-incorporacion-de-los-hijos-de-trabajadores-administrativos-al-programa-nacional-de-becas-y-credito-educativo-pronabec\/\">DIAGN\u00d3STICO DE LA POBLACI\u00d3N POTENCIALMENTE BENEFICIARIA PARA LA INCORPORACI\u00d3N DE LOS HIJOS DE TRABAJADORES ADMINISTRATIVOS AL PROGRAMA NACIONAL DE BECAS Y CR\u00c9DITO EDUCATIVO (PRONABEC).<\/a><time datetime=\"2026-07-11T09:20:35-05:00\" class=\"wp-block-latest-posts__post-date\">11 de julio de 2026<\/time><div class=\"wp-block-latest-posts__post-excerpt\">OFICIO_MULTIPLE-00040-2026-MINEDU-VMGI-DIGEGED-DAGED https:\/\/mineduperu-my.sharepoint.com\/:x:\/g\/personal\/dagedtercero1_minedu_gob_pe\/IQDydIa2lwluQYFyAfbskEPOAQrFubUCMXx8UJ0fvG1tsnk?rtime=EO0TR0jf3kg Anexo OM N.\u00b0 40-2026<\/div><\/li>\n<li><a class=\"wp-block-latest-posts__post-title\" href=\"https:\/\/www.ugelmoho.gob.pe\/web\/contrato-de-auxiliares-de-educacion-2026\/\">CONTRATO DE AUXILIARES DE EDUCACION 2026<\/a><time datetime=\"2026-07-03T14:05:06-05:00\" class=\"wp-block-latest-posts__post-date\">3 de julio de 2026<\/time><div class=\"wp-block-latest-posts__post-excerpt\">OM -00138-2025-MINEDU-VMGP-DIGEDD, Contrataci\u00f3n Auxiliares RDR N 4101-2025-DREP RVM N\u00b0 158-2025-MINEDU. Plazas Vacantes de Auxiliar de Educaci\u00f3n \u00a0COMUNICADO Relaci\u00f3n de participantes aptos y no aptos 2026 REPROGRAMACION DE\u00a0 CRONOGRAMA OFICIO_MULTIPLE-00028-2026-MINEDU-VMGP-DIGEDD[R] RESULTADOS PREMILIMINARES DE LA EVALUACION EXPEDIENTES &#8211; AUXILIARES DE EDUCACION INICIAL RESULTADOS PREMILIMINARES DE LA EVALUACION EXPEDIENTES &#8211; AUXILIARES DE EDUCACION SECUNDARIA RESULTADOS FINALES DE AUXILIARES\u2026 <a class=\"wp-block-latest-posts__read-more\" href=\"https:\/\/www.ugelmoho.gob.pe\/web\/contrato-de-auxiliares-de-educacion-2026\/\" rel=\"noopener\">Read more<span class=\"screen-reader-text\">: CONTRATO DE AUXILIARES DE EDUCACION 2026<\/span><\/a><\/div><\/li>\n<li><a class=\"wp-block-latest-posts__post-title\" href=\"https:\/\/www.ugelmoho.gob.pe\/web\/invitacion-a-reunion-de-directores-de-instituciones-educativas-de-la-ugel-moho\/\">INVITACION A REUNION DE DIRECTORES  DE INSTITUCIONES EDUCATIVAS DE LA UGEL MOHO<\/a><time datetime=\"2026-06-24T15:23:56-05:00\" class=\"wp-block-latest-posts__post-date\">24 de junio de 2026<\/time><div class=\"wp-block-latest-posts__post-excerpt\">INVITACION A REUNION DE DIRECTORES DE INSTITUCIONES EDUCATIVAS DE LA UGEL MOHO<\/div><\/li>\n<li><a class=\"wp-block-latest-posts__post-title\" href=\"https:\/\/www.ugelmoho.gob.pe\/web\/onvocatoria-para-seleccion-de-personal-de-leg-276-de-la-i-e-s-institucion-educativa-secundaria-san-francisco-de-borja-trucani\/\">CONVOCATORIA PARA SELECCI\u00d3N DE PERSONAL DE LEG. 276 DE LA I.E.S. INSTITUCI\u00d3N EDUCATIVA SECUNDARIA \u201cSAN FRANCISCO DE BORJA-TARUCANI\u201d<\/a><time datetime=\"2026-06-17T20:00:40-05:00\" class=\"wp-block-latest-posts__post-date\">17 de junio de 2026<\/time><div class=\"wp-block-latest-posts__post-excerpt\">1.- Cronograma de convocatoria de personal administrativo 276-2026 2. RESULTADOS PRELIMINARES DE REVISION DE EXPEDIENTES\u00a0 3. RESULTADOS FINALES DE TARUCANI<\/div><\/li>\n<\/ul><\/div><\/div>\n<\/div><\/div>\n\n\n<\/div>\n<\/div>\n<\/div>\n","protected":false},"excerpt":{"rendered":"","protected":false},"author":1,"featured_media":0,"parent":0,"menu_order":10,"comment_status":"closed","ping_status":"closed","template":"","meta":{"footnotes":""},"class_list":["post-6179","page","type-page","status-publish","hentry"],"_links":{"self":[{"href":"https:\/\/www.ugelmoho.gob.pe\/web\/wp-json\/wp\/v2\/pages\/6179","targetHints":{"allow":["GET"]}}],"collection":[{"href":"https:\/\/www.ugelmoho.gob.pe\/web\/wp-json\/wp\/v2\/pages"}],"about":[{"href":"https:\/\/www.ugelmoho.gob.pe\/web\/wp-json\/wp\/v2\/types\/page"}],"author":[{"embeddable":true,"href":"https:\/\/www.ugelmoho.gob.pe\/web\/wp-json\/wp\/v2\/users\/1"}],"replies":[{"embeddable":true,"href":"https:\/\/www.ugelmoho.gob.pe\/web\/wp-json\/wp\/v2\/comments?post=6179"}],"version-history":[{"count":17,"href":"https:\/\/www.ugelmoho.gob.pe\/web\/wp-json\/wp\/v2\/pages\/6179\/revisions"}],"predecessor-version":[{"id":6201,"href":"https:\/\/www.ugelmoho.gob.pe\/web\/wp-json\/wp\/v2\/pages\/6179\/revisions\/6201"}],"wp:attachment":[{"href":"https:\/\/www.ugelmoho.gob.pe\/web\/wp-json\/wp\/v2\/media?parent=6179"}],"curies":[{"name":"wp","href":"https:\/\/api.w.org\/{rel}","templated":true}]}}